{"id":702,"date":"2018-07-01T05:36:41","date_gmt":"2018-07-01T05:36:41","guid":{"rendered":"http:\/\/weimari.hu\/?page_id=702"},"modified":"2018-07-01T06:02:22","modified_gmt":"2018-07-01T06:02:22","slug":"fajta-standard-ja","status":"publish","type":"page","link":"http:\/\/weimari.hu\/?page_id=702","title":{"rendered":"A weim\u00e1ri vizsla standard-je"},"content":{"rendered":"<p style=\"text-align: justify;\">FCI Standard Nr.99 \/ 1999.03.12 \/ D.<\/p>\n<p style=\"text-align: justify;\">WEIM\u00c1RI VIZSLA (WEIMARANER)<\/p>\n<p style=\"text-align: justify;\">SZ\u00c1RMAZ\u00c1S:&nbsp;&nbsp;&nbsp;&nbsp;&nbsp;&nbsp;&nbsp;&nbsp;&nbsp;&nbsp; N\u00e9metorsz\u00e1g<\/p>\n<p style=\"text-align: justify;\">AZ \u00c9RV\u00c9NYES \u00c9S EREDETI STANDARD D\u00c1TUMA:&nbsp;&nbsp;&nbsp;&nbsp;&nbsp;&nbsp;&nbsp;&nbsp;&nbsp;&nbsp;&nbsp;&nbsp;&nbsp; 1990.02.27.<\/p>\n<p style=\"text-align: justify;\">ALKALMAZ\u00c1S:&nbsp;&nbsp;&nbsp;&nbsp;&nbsp;&nbsp;&nbsp; Sokoldal\u00fa vad\u00e1sz-, munkakutya (vizsla)<\/p>\n<p style=\"text-align: justify;\">FCI CSOPORT BEOSZT\u00c1S:VII. Fajtacsoport&nbsp;&nbsp;&nbsp;&nbsp;&nbsp;&nbsp;&nbsp; Vizsl\u00e1k<\/p>\n<p style=\"text-align: justify;\">&nbsp;&nbsp;&nbsp;&nbsp;&nbsp;&nbsp;&nbsp;&nbsp;&nbsp;&nbsp;&nbsp;&nbsp;&nbsp;&nbsp;&nbsp;&nbsp;&nbsp;&nbsp;&nbsp;&nbsp;&nbsp;&nbsp;&nbsp;&nbsp;&nbsp;&nbsp;&nbsp;&nbsp;&nbsp;&nbsp;&nbsp;&nbsp;&nbsp;&nbsp;&nbsp;&nbsp;&nbsp;&nbsp;&nbsp;&nbsp;&nbsp;&nbsp;&nbsp;&nbsp;&nbsp;&nbsp;&nbsp;&nbsp;&nbsp;&nbsp;&nbsp;&nbsp;&nbsp;&nbsp;&nbsp;&nbsp;&nbsp;&nbsp; Sekcio 1.1&nbsp;&nbsp;&nbsp;&nbsp;&nbsp;&nbsp;&nbsp;&nbsp;&nbsp;&nbsp;&nbsp;&nbsp;&nbsp;&nbsp;&nbsp;&nbsp;&nbsp;&nbsp; Kontinent\u00e1lis vizsl\u00e1k<\/p>\n<p style=\"text-align: justify;\">&nbsp;&nbsp;&nbsp;&nbsp;&nbsp;&nbsp;&nbsp;&nbsp;&nbsp;&nbsp;&nbsp;&nbsp;&nbsp;&nbsp;&nbsp;&nbsp;&nbsp;&nbsp;&nbsp;&nbsp;&nbsp;&nbsp;&nbsp;&nbsp;&nbsp;&nbsp;&nbsp;&nbsp;&nbsp;&nbsp;&nbsp;&nbsp;&nbsp;&nbsp;&nbsp;&nbsp;&nbsp;&nbsp;&nbsp;&nbsp;&nbsp;&nbsp;&nbsp;&nbsp;&nbsp;&nbsp;&nbsp;&nbsp;&nbsp;&nbsp;&nbsp;&nbsp;&nbsp;&nbsp;&nbsp;&nbsp;&nbsp;&nbsp;&nbsp;&nbsp;&nbsp;&nbsp;&nbsp;&nbsp;&nbsp;&nbsp;&nbsp;&nbsp;&nbsp;&nbsp;&nbsp;&nbsp;&nbsp;&nbsp;&nbsp;&nbsp;&nbsp;&nbsp;&nbsp;&nbsp;&nbsp;&nbsp;&nbsp;&nbsp;&nbsp;&nbsp;&nbsp;&nbsp;&nbsp;&nbsp;&nbsp;&nbsp;&nbsp; -\u201evad\u00e1szkop\u00f3\u201d-tipus<\/p>\n<p style=\"text-align: justify;\">&nbsp;&nbsp;&nbsp;&nbsp;&nbsp;&nbsp;&nbsp;&nbsp;&nbsp;&nbsp;&nbsp;&nbsp;&nbsp;&nbsp;&nbsp;&nbsp;&nbsp;&nbsp;&nbsp;&nbsp;&nbsp;&nbsp;&nbsp;&nbsp;&nbsp;&nbsp;&nbsp;&nbsp;&nbsp;&nbsp;&nbsp;&nbsp;&nbsp;&nbsp;&nbsp;&nbsp;&nbsp;&nbsp;&nbsp;&nbsp;&nbsp;&nbsp;&nbsp;&nbsp;&nbsp;&nbsp;&nbsp;&nbsp;&nbsp;&nbsp;&nbsp;&nbsp;&nbsp;&nbsp;&nbsp;&nbsp;&nbsp;&nbsp; Munkavizsg\u00e1ra k\u00f6telezett<\/p>\n<p style=\"text-align: justify;\">\u00c1LTAL\u00c1NOS MEGJELEN\u00c9S:<\/p>\n<p style=\"text-align: justify;\">Vad\u00e1sz- munkakutya a k\u00f6zepest\u0151l a nagy termetig. C\u00e9lszer\u0171 munkat\u00edpus, sz\u00e9p form\u00e1j\u00fa, inas, er\u0151teljes izomzattal. A nemi jellegnek kifejezettnek kell lennie.<\/p>\n<p style=\"text-align: justify;\">&nbsp;<\/p>\n<p style=\"text-align: justify;\">AR\u00c1NYOK:<\/p>\n<ul style=\"text-align: justify;\">\n<li>A t\u00f6rzs hossza a marmagass\u00e1ghoz kb. 12 : 11<\/li>\n<li>Az orrhegyt\u0151l a stopig valamivel hosszabb, mint a stopt\u00f3l a fejb\u00fabig<\/li>\n<li>A t\u00e1vols\u00e1g a k\u00f6ny\u00f6k\u00f6kt\u0151l a mells\u0151 l\u00e1bk\u00f6z\u00e9pcsontig kb. megegyezik a k\u00f6ny\u00f6k\u00f6k \u00e9s a mar t\u00e1vols\u00e1g\u00e1val<\/li>\n<\/ul>\n<p style=\"text-align: justify;\">&nbsp;<\/p>\n<p style=\"text-align: justify;\">VISELKED\u00c9S, JELLEM (WESEN):<\/p>\n<p style=\"text-align: justify;\">Sokoldal\u00fa, engedelmes, szil\u00e1rd jellem\u0171 \u00e9s szenved\u00e9lyes vad\u00e1sz- munkakutya. Szisztematikus, kitart\u00f3 nyomkeres\u0151, nem t\u00fal heves temperamentummal. A szimata kimondottan j\u00f3. T\u00e1mad a d\u00favadra, a vadra, esetleg emberre is, de nem agressz\u00edv. Nagyon megb\u00edzhat\u00f3 a vad\u00e1ll\u00e1sban \u00e9s a v\u00edzimunk\u00e1ban. Figyelemre m\u00e9lt\u00f3 hajlama van a l\u00f6v\u00e9s ut\u00e1ni munk\u00e1ra.<\/p>\n<p style=\"text-align: justify;\">FEJ<\/p>\n<p style=\"text-align: justify;\">&nbsp;<\/p>\n<p style=\"text-align: justify;\">KOPONYA<\/p>\n<p style=\"text-align: justify;\">Agykoponya: Harm\u00f3nikus a testmagass\u00e1ggal \u00e9s az arcorri r\u00e9sszel. A kanokn\u00e1l sz\u00e9lesebb, mint a szuk\u00e1kn\u00e1l, a koponya sz\u00e9less\u00e9ge azonban mindkett\u0151n\u00e9l ar\u00e1nyban van a fej teljes hossz\u00e1val. A homlok k\u00f6zep\u00e9n a homlok \u00e1rok tal\u00e1lhat\u00f3. A fejb\u00fab enyh\u00e9n vagy m\u00e9rs\u00e9kelten kifejezett. A szemek m\u00f6g\u00f6tt a j\u00e1romcsont j\u00f3l k\u00f6vethet\u0151.<\/p>\n<p style=\"text-align: justify;\">Stop: A stop alig kifejezett<\/p>\n<p style=\"text-align: justify;\">&nbsp;<\/p>\n<p style=\"text-align: justify;\">ARCORRI R\u00c9SZ<\/p>\n<p style=\"text-align: justify;\">Orrt\u00fck\u00f6r: Nagy, az \u00e1llkapocs f\u00f6l\u00e9 ugr\u00f3. S\u00f6t\u00e9t h\u00fassz\u00edn\u0171, mely h\u00e1trafel\u00e9 fokozatosan sz\u0171k\u0171l.<\/p>\n<p style=\"text-align: justify;\">Fang: Hossz\u00fa \u00e9s k\u00fcl\u00f6n\u00f6sen a kanokn\u00e1l er\u0151teljes, profilb\u00f3l szinte sz\u00f6gletesnek t\u0171n\u0151. A fang \u00e9s a t\u00e9p\u0151fog t\u00e1j\u00e9k kb. egyform\u00e1n er\u0151teljes. Az orrh\u00e1t egyenes, n\u00e9ha kiss\u00e9 \u00edvelt, de nem lefel\u00e9 hajl\u00f3.<\/p>\n<p style=\"text-align: justify;\">Ajkak: Az ajkak m\u00e9rs\u00e9kelten fedik az als\u00f3 ajkakat, a sz\u00e1jpadl\u00e1s \u00e9s ajkak h\u00fassz\u00edn\u0171ek. A sz\u00e1jzugban apr\u00f3 r\u00e1ncolat.<\/p>\n<p style=\"text-align: justify;\">\u00c1llkapocs\/fogak: Er\u0151teljes \u00e1llkapcsok. Korrekt \u00e9s komplett fogazat, oll\u00f3s harap\u00e1s, egyenletes er\u0151s fogak.<\/p>\n<p style=\"text-align: justify;\">Pof\u00e1k: Izmos \u00e9s j\u00f3l fejlett. \u201eSz\u00e1raz fej.\u201d<\/p>\n<p style=\"text-align: justify;\">Szemek: A s\u00f6t\u00e9tt\u0151l a vil\u00e1gos borosty\u00e1nsz\u00ednig, intelligens tekintet. K\u00f6ly\u00f6kkorban \u00e9gsz\u00ednk\u00e9k. Kerek, alig ferd\u00e9n illesztett. Feszesen simul\u00f3 szemh\u00e9jak.<\/p>\n<p style=\"text-align: justify;\">F\u00fclek: Sz\u00e9les \u00e9s meglehet\u0151sen hossz\u00fa, kb. a sz\u00e1jzugig \u00e9r\u0151. Magasan \u00e9s keskenyen t\u0171z\u00f6tt, az als\u00f3 sz\u00e9le lekerek\u00edtett. Figyel\u0151 \u00e1ll\u00e1sban el\u0151re fordul\u00f3, red\u0151s.<\/p>\n<p style=\"text-align: justify;\">&nbsp;<\/p>\n<p style=\"text-align: justify;\">NYAK<\/p>\n<p style=\"text-align: justify;\">Nemesen hordott, \u00edvelt fels\u0151 vonal\u00fa. Izmos, majdnem kerek, de nem t\u00fal r\u00f6vid, sz\u00e1raz. A v\u00e1llak fel\u00e9 er\u0151s\u00f6d\u0151, harmonikus \u00e1tmenetet k\u00e9pezve a h\u00e1tvonal \u00e9s mellkas fel\u00e9.<\/p>\n<p style=\"text-align: justify;\">T\u00d6RZS<\/p>\n<p style=\"text-align: justify;\">Fels\u0151 vonal: A fels\u0151 vonal, az \u00edvelt nyakvonalt\u00f3l a j\u00f3l fejlett maron \u00e1t a relat\u00edv hossz\u00fa, feszes h\u00e1tvonal fel\u00e9 harmonikusan h\u00faz\u00f3dik.<\/p>\n<p style=\"text-align: justify;\">Mar: J\u00f3l fejlett.<\/p>\n<p style=\"text-align: justify;\">H\u00e1t: Feszes, izmos, a h\u00e1t nem nyerges. A far nem t\u00faln\u0151tt. A kiss\u00e9 hosszabb h\u00e1t nem hiba, a fajtajellegnek megfelel.<\/p>\n<p style=\"text-align: justify;\">Far: Hossz\u00fa \u00e9s m\u00e9rs\u00e9kelten ferd\u00e9n illesztett medence.<\/p>\n<p style=\"text-align: justify;\">Mellkas: Er\u0151teljes, de nem t\u00falzottan sz\u00e9les, -a mellkasm\u00e9lys\u00e9g szinte a k\u00f6ny\u00f6k\u00f6kig \u00e9r-, \u00e9s megfelel\u0151en hossz\u00fa. J\u00f3l \u00edvelt \u00e9s hossz\u00fa bord\u00e1k, nem dong\u00e1s. Az el\u0151mell j\u00f3l fejlett.<\/p>\n<p style=\"text-align: justify;\">Als\u00f3 vonal: Enyh\u00e9n felfel\u00e9 \u00edvelt, de a has nem felh\u00fazott.<\/p>\n<p style=\"text-align: justify;\">&nbsp;<\/p>\n<p style=\"text-align: justify;\">FAROK<\/p>\n<p style=\"text-align: justify;\">A farok t\u0171z\u00e9se kev\u00e9ssel a h\u00e1tvonal alatt tal\u00e1lhat\u00f3 nem \u00fagy mint m\u00e1s hasonl\u00f3 fajt\u00e1kn\u00e1l. A farok er\u0151teljes \u00e9s d\u00fas sz\u0151rzettel fedett. Nyugalmi \u00e1ll\u00e1sban lefel\u00e9 l\u00f3g\u00f3, figyel\u0151 \u00e1ll\u00e1sban \u00e9s munk\u00e1ban v\u00edzszintesen vagy ann\u00e1l magasabban hordott.<\/p>\n<p style=\"text-align: justify;\">&nbsp;<\/p>\n<p style=\"text-align: justify;\">V\u00c9GTAGOK<\/p>\n<p style=\"text-align: justify;\">MELLS\u0150 V\u00c9GTAGOK<\/p>\n<p style=\"text-align: justify;\">\u00c1ltal\u00e1nos: A l\u00e1bak (magasak), inasak, egyenesek \u00e9s p\u00e1rhuzamosak, de nem sz\u00e9lesre \u00e1ll\u00edtott.<\/p>\n<p style=\"text-align: justify;\">Lapocka: Hossz\u00fa, ferd\u00e9n illesztett. Er\u0151teljesen izmolt. A lapocka a felkarral j\u00f3l sz\u00f6gelt.<\/p>\n<p style=\"text-align: justify;\">Felkar: Ferd\u00e9n illesztett, megfelel\u0151 hossz\u00fas\u00e1g\u00fa \u00e9s er\u0151teljes.<\/p>\n<p style=\"text-align: justify;\">K\u00f6ny\u00f6k\u00f6k: Szabad \u00e9s egyenes. Sem befel\u00e9 sem kifel\u00e9 fordul\u00f3.<\/p>\n<p style=\"text-align: justify;\">Alkar: Hossz\u00fa \u00e9s egyenes.<\/p>\n<p style=\"text-align: justify;\">Mells\u0151 l\u00e1bt\u0151: Er\u0151s, feszes.<\/p>\n<p style=\"text-align: justify;\">Mells\u0151 l\u00e1bk\u00f6z\u00e9p: Inas, enyh\u00e9n ferd\u00e9n \u00e1ll\u00edtott.<\/p>\n<p style=\"text-align: justify;\">Mancsok: Er\u0151teljes. Egyenes a test k\u00f6zep\u00e9hez p\u00e1rhuzamosan \u00e1ll\u00f3k. Szorosan z\u00e1rt \u00e9s j\u00f3l \u00edvel ujjak. A hosszabb k\u00f6z\u00e9ps\u0151 l\u00e1bujj a fajt\u00e1ra jellemz\u0151, \u00e9s \u00edgy ez nem hiba. A k\u00f6rm\u00f6k sz\u00edne a vil\u00e1gost\u00f3l a s\u00f6t\u00e9tsz\u00fcrk\u00e9ig lehets\u00e9ges. A talpp\u00e1rn\u00e1k j\u00f3l pigment\u00e1ltak, \u00e9rdesek \u00e9s t\u00f6m\u00f6rek.<\/p>\n<p style=\"text-align: justify;\">&nbsp;<\/p>\n<p style=\"text-align: justify;\">H\u00c1TULS\u00d3 V\u00c9GTAGOK<\/p>\n<p style=\"text-align: justify;\">\u00c1ltal\u00e1nos: A l\u00e1bak (magasak), inasak, ill. j\u00f3l izmoltak. P\u00e1rhuzamosak, sem kifel\u00e9 sem befel\u00e9 nem fordul\u00f3k.<\/p>\n<p style=\"text-align: justify;\">Comb: Megfelel\u0151en hossz\u00fa, er\u0151teljes \u00e9s j\u00f3l izmolt.<\/p>\n<p style=\"text-align: justify;\">T\u00e9rd: Er\u0151teljes \u00e9s feszes.<\/p>\n<p style=\"text-align: justify;\">L\u00e1bsz\u00e1r: Hossz\u00fa, nagyon inas.<\/p>\n<p style=\"text-align: justify;\">H\u00e1tuls\u00f3 l\u00e1bk\u00f6z\u00e9p: Inas, szinte mer\u0151leges<\/p>\n<p style=\"text-align: justify;\">Mancsok: Er\u0151teljes, t\u00f6m\u00f6r, farkask\u00f6rm\u00f6k n\u00e9lk\u00fcl. Egy\u00e9bk\u00e9nt, mint a mells\u0151 mancsok.<\/p>\n<p style=\"text-align: justify;\">&nbsp;<\/p>\n<p style=\"text-align: justify;\">MOZG\u00c1S:<\/p>\n<p style=\"text-align: justify;\">A mozg\u00e1s valamennyi j\u00e1rm\u00f3dban t\u00e9rt\u00f6lel\u0151 \u00e9s folyamatos. A h\u00e1tuls\u00f3 \u00e9s mells\u0151 l\u00e1bak p\u00e1rhuzamosak. A galopp hossz\u00fa \u00e9s lapos. \u00dcget\u00e9sben a h\u00e1t nyugodt. A poroszk\u00e1l\u00e1s nem k\u00edv\u00e1natos.<\/p>\n<p style=\"text-align: justify;\">&nbsp;<\/p>\n<p style=\"text-align: justify;\">B\u0150R:<\/p>\n<p style=\"text-align: justify;\">Er\u0151teljes. J\u00f3l, de nem t\u00fal feszesen simul\u00f3.<\/p>\n<p style=\"text-align: justify;\">SZ\u0150RTAKAR\u00d3<\/p>\n<p style=\"text-align: justify;\">SZ\u0150R<\/p>\n<p style=\"text-align: justify;\">R\u00f6vidsz\u0151r\u0171: R\u00f6vid (de hosszabb \u00e9s s\u0171r\u0171bb, mint m\u00e1s hasonl\u00f3 fajt\u00e1kn\u00e1l), er\u0151s, nagyon d\u00fas, sim\u00e1n simul\u00f3 fed\u0151sz\u0151r. Aljsz\u0151r n\u00e9lk\u00fcl, vagy kev\u00e9s aljsz\u0151r.<\/p>\n<p style=\"text-align: justify;\">Hossz\u00fasz\u0151r\u0171: Puha, hossz\u00fa fed\u0151sz\u0151r, aljsz\u0151r n\u00e9lk\u00fcl vagy kev\u00e9s aljsz\u0151rrel. Sima vagy enyh\u00e9n hull\u00e1mos. A f\u00fclt\u0151n\u00e9l a sz\u0151r hosszan oml\u00f3. A f\u00fclv\u00e9geken a b\u00e1rsonyos sz\u0151rzet megengedett. A sz\u0151r hossza az oldalakon 3-5 cm, a nyak als\u00f3 r\u00e9sz\u00e9n, az el\u0151mellen, a hason valamivel hosszabb. A mells\u0151 v\u00e9gtagokon \u201ez\u00e1szl\u00f3k\u201d, a h\u00e1tuls\u00f3kon pedig \u201enadr\u00e1g\u201d, a v\u00e9gtagok als\u00f3 r\u00e9sz\u00e9n m\u00e1r kev\u00e9sb\u00e9 hossz\u00fa. A farok sz\u00e9p z\u00e1szl\u00f3val ell\u00e1tott. Az ujjak k\u00f6z\u00f6tt is sz\u0151r\u00f6z\u00f6tt. A fejen a sz\u0151rzet j\u00f3val r\u00f6videbb. A kett\u0151 kever\u00e9kein\u00e9l el\u0151fordulhat a merev, egyenes sz\u0151r s\u0171r\u0171, k\u00f6zepesen hossz\u00fa \u00e9s j\u00f3l simul\u00f3 fed\u0151sz\u0151r, s\u0171r\u0171 aljsz\u0151r \u00e9s m\u00e9rs\u00e9kelten z\u00e1szl\u00f3s, nadr\u00e1g ritk\u00e1n fordul el\u0151.<\/p>\n<p style=\"text-align: justify;\">SZ\u00cdN<\/p>\n<p style=\"text-align: justify;\">Ez\u00fcst-, \u0151z-, vagy eg\u00e9rsz\u00fcrke valamint ezeknek a sz\u00edneknek az \u00e1tmenete. A fejen \u00e9s a f\u00fcleken t\u00f6bbnyire valamivel vil\u00e1gosabb. A feh\u00e9r jegyek csek\u00e9ly m\u00e9rt\u00e9kben csak a mellen \u00e9s az ujjakon megengedettek. Esetenk\u00e9nt a h\u00e1t k\u00f6zep\u00e9n egy t\u00f6bb\u00e9-kev\u00e9sb\u00e9 kifejezett s\u00f6t\u00e9tebb cs\u00edk, az un. \u201eangolnacs\u00edk\u201d el\u0151fordulhat.<\/p>\n<p style=\"text-align: justify;\">Azok a kuty\u00e1k, melyekn\u00e9l v\u00f6r\u00f6ses-s\u00e1rga jegyek tal\u00e1lhat\u00f3k, csak \u201ej\u00f3\u201d min\u0151s\u00edt\u00e9st kaphatnak.<\/p>\n<p style=\"text-align: justify;\">A barna jegy s\u00falyos hiba.<\/p>\n<p style=\"text-align: justify;\">&nbsp;<\/p>\n<p style=\"text-align: justify;\">NAGYS\u00c1G \/ S\u00daLY<\/p>\n<p style=\"text-align: justify;\">Marmagass\u00e1g:&nbsp;&nbsp;&nbsp;&nbsp;&nbsp;&nbsp;&nbsp;&nbsp;&nbsp;&nbsp;&nbsp;&nbsp;&nbsp; kanok&nbsp;&nbsp;&nbsp;&nbsp;&nbsp;&nbsp;&nbsp;&nbsp;&nbsp;&nbsp;&nbsp;&nbsp;&nbsp; 59-70 cm<\/p>\n<p style=\"text-align: justify;\">&nbsp;&nbsp;&nbsp;&nbsp;&nbsp;&nbsp;&nbsp;&nbsp;&nbsp;&nbsp;&nbsp;&nbsp;&nbsp;&nbsp;&nbsp;&nbsp;&nbsp;&nbsp;&nbsp;&nbsp;&nbsp;&nbsp;&nbsp;&nbsp;&nbsp;&nbsp;&nbsp;&nbsp;&nbsp;&nbsp;&nbsp;&nbsp;&nbsp;&nbsp; Szuk\u00e1k&nbsp;&nbsp;&nbsp;&nbsp;&nbsp;&nbsp;&nbsp;&nbsp;&nbsp;&nbsp; 57-65 cm<\/p>\n<p style=\"text-align: justify;\">S\u00faly&nbsp;&nbsp;&nbsp;&nbsp;&nbsp;&nbsp;&nbsp;&nbsp;&nbsp;&nbsp;&nbsp;&nbsp;&nbsp;&nbsp;&nbsp;&nbsp;&nbsp;&nbsp;&nbsp;&nbsp;&nbsp;&nbsp;&nbsp;&nbsp;&nbsp;&nbsp;&nbsp;&nbsp; kanok&nbsp;&nbsp;&nbsp;&nbsp;&nbsp;&nbsp;&nbsp;&nbsp;&nbsp;&nbsp;&nbsp;&nbsp;&nbsp; 30-40 kg<\/p>\n<p style=\"text-align: justify;\">&nbsp;&nbsp;&nbsp;&nbsp;&nbsp;&nbsp;&nbsp;&nbsp;&nbsp;&nbsp;&nbsp;&nbsp;&nbsp;&nbsp;&nbsp;&nbsp;&nbsp;&nbsp;&nbsp;&nbsp;&nbsp;&nbsp;&nbsp;&nbsp;&nbsp;&nbsp;&nbsp;&nbsp;&nbsp;&nbsp;&nbsp;&nbsp;&nbsp;&nbsp; Szuk\u00e1k&nbsp;&nbsp;&nbsp;&nbsp;&nbsp;&nbsp;&nbsp;&nbsp;&nbsp;&nbsp;&nbsp; 25-35 kg<\/p>\n<p style=\"text-align: justify;\">&nbsp;<\/p>\n<p style=\"text-align: justify;\">HIB\u00c1K<\/p>\n<p style=\"text-align: justify;\">Minden elt\u00e9r\u00e9s a megengedett\u0151l hib\u00e1nak tekintend\u0151 \u00e9s a hiba nagys\u00e1g\u00e1nak megfelel\u0151en kell \u00e9rt\u00e9kelni.<\/p>\n<p style=\"text-align: justify;\">&nbsp;<\/p>\n<p>&nbsp;<\/p>\n<p style=\"text-align: justify;\">S\u00daLYOS HIB\u00c1K<\/p>\n<p style=\"text-align: justify;\">KIZ\u00c1R\u00d3 OK<\/p>\n<ul style=\"text-align: justify;\">\n<li style=\"text-align: justify;\">At\u00edpusos kuty\u00e1k: neh\u00e9zkes vagy t\u00fal k\u00f6nny\u0171<\/li>\n<li style=\"text-align: justify;\">Rossz ar\u00e1nyok.<\/li>\n<li style=\"text-align: justify;\">Bulldogszer\u0171 koponya.<\/li>\n<li style=\"text-align: justify;\">G\u00f6rbe orrh\u00e1t (kosorr).<\/li>\n<li style=\"text-align: justify;\">El\u0151re vagy h\u00e1tra harap\u00e1s, hi\u00e1nyz\u00f3 fogak.<\/li>\n<li style=\"text-align: justify;\">Entr\u00f3pium, Ektr\u00f3pium.<\/li>\n<li style=\"text-align: justify;\">El\u00e1ll\u00f3 f\u00fclek.<\/li>\n<li style=\"text-align: justify;\">Kimondott nyaklebernyeg (toka)<\/li>\n<li style=\"text-align: justify;\">Er\u0151sen nyerges h\u00e1t, vagy er\u0151s pontyh\u00e1t, t\u00faln\u0151tt far.<\/li>\n<li style=\"text-align: justify;\">Torz mellkas, vagy nagyon hord\u00f3s mellkas.<\/li>\n<li style=\"text-align: justify;\">Angolk\u00f3ros vagy torzult v\u00e9gtagok.<\/li>\n<li style=\"text-align: justify;\">Kr\u00f3nikus b\u00e9nas\u00e1g.<\/li>\n<li style=\"text-align: justify;\">A b\u0151r torzul\u00e1sai vagy b\u0151rbetegs\u00e9g.<\/li>\n<li style=\"text-align: justify;\">R\u00e9szleges vagy teljes sz\u0151rhi\u00e1ny.<\/li>\n<li style=\"text-align: justify;\">M\u00e1s sz\u00edn, mint sz\u00fcrke. Kiterjedt barna jegyek. Feh\u00e9r jegyek kiv\u00e9ve a mellen \u00e9s a mancsokon.<\/li>\n<li style=\"text-align: justify;\">A marmagass\u00e1g hat\u00e1ra feletti vagy alatti nagys\u00e1g.<\/li>\n<li style=\"text-align: justify;\">Egy\u00e9b betegs\u00e9gek, melyn\u00e9l az \u00f6r\u00f6kletess\u00e9get sejteni lehet pl.:epilepszia<\/li>\n<li style=\"text-align: justify;\">F\u00e9l\u00e9nk vagy agressz\u00edv viselked\u00e9s<\/li>\n<\/ul>\n<p style=\"text-align: justify;\">&nbsp;<\/p>\n<p style=\"text-align: justify;\">Ez az \u00f6ssze\u00e1ll\u00edt\u00e1s nem tartalmazza valamennyi el\u0151fordul\u00f3 hib\u00e1t, csak a legfontosabbak kivonata. Mint\u00e1nak tekintend\u0151.<\/p>\n<p style=\"text-align: justify;\">&nbsp;<\/p>\n<p style=\"text-align: justify;\">MEGJEGYZ\u00c9S<\/p>\n<p style=\"text-align: justify;\">A kanoknak k\u00e9t j\u00f3l fejlett her\u00e9vel kell rendelkezni\u00fck, melyek a herezacsk\u00f3ban helyezkednek el.<\/p>\n<p style=\"text-align: justify;\">&nbsp;<\/p>\n<p>\u00cdrta: Bajorhegyi T\u00fcnde<\/p>\n","protected":false},"excerpt":{"rendered":"<p>FCI Standard Nr.99 \/ 1999.03.12 \/ D. WEIM\u00c1RI VIZSLA (WEIMARANER) SZ\u00c1RMAZ\u00c1S:&nbsp;&nbsp;&nbsp;&nbsp;&nbsp;&nbsp;&nbsp;&nbsp;&nbsp;&nbsp; N\u00e9metorsz\u00e1g AZ \u00c9RV\u00c9NYES \u00c9S EREDETI STANDARD D\u00c1TUMA:&nbsp;&nbsp;&nbsp;&nbsp;&nbsp;&nbsp;&nbsp;&nbsp;&nbsp;&nbsp;&nbsp;&nbsp;&nbsp; 1990.02.27. ALKALMAZ\u00c1S:&nbsp;&nbsp;&nbsp;&nbsp;&nbsp;&nbsp;&nbsp; Sokoldal\u00fa vad\u00e1sz-, munkakutya (vizsla) FCI CSOPORT BEOSZT\u00c1S:VII. Fajtacsoport&nbsp;&nbsp;&nbsp;&nbsp;&nbsp;&nbsp;&nbsp; Vizsl\u00e1k &nbsp;&nbsp;&nbsp;&nbsp;&nbsp;&nbsp;&nbsp;&nbsp;&nbsp;&nbsp;&nbsp;&nbsp;&nbsp;&nbsp;&nbsp;&nbsp;&nbsp;&nbsp;&nbsp;&nbsp;&nbsp;&nbsp;&nbsp;&nbsp;&nbsp;&nbsp;&nbsp;&nbsp;&nbsp;&nbsp;&nbsp;&nbsp;&nbsp;&nbsp;&nbsp;&nbsp;&nbsp;&nbsp;&nbsp;&nbsp;&nbsp;&nbsp;&nbsp;&nbsp;&nbsp;&nbsp;&nbsp;&nbsp;&nbsp;&nbsp;&nbsp;&nbsp;&nbsp;&nbsp;&nbsp;&nbsp;&nbsp;&nbsp;&#8230;<\/p>\n","protected":false},"author":1,"featured_media":0,"parent":0,"menu_order":0,"comment_status":"closed","ping_status":"closed","template":"","meta":{"ngg_post_thumbnail":0},"aioseo_notices":[],"post_mailing_queue_ids":[],"_links":{"self":[{"href":"http:\/\/weimari.hu\/index.php?rest_route=\/wp\/v2\/pages\/702"}],"collection":[{"href":"http:\/\/weimari.hu\/index.php?rest_route=\/wp\/v2\/pages"}],"about":[{"href":"http:\/\/weimari.hu\/index.php?rest_route=\/wp\/v2\/types\/page"}],"author":[{"embeddable":true,"href":"http:\/\/weimari.hu\/index.php?rest_route=\/wp\/v2\/users\/1"}],"replies":[{"embeddable":true,"href":"http:\/\/weimari.hu\/index.php?rest_route=%2Fwp%2Fv2%2Fcomments&post=702"}],"version-history":[{"count":7,"href":"http:\/\/weimari.hu\/index.php?rest_route=\/wp\/v2\/pages\/702\/revisions"}],"predecessor-version":[{"id":727,"href":"http:\/\/weimari.hu\/index.php?rest_route=\/wp\/v2\/pages\/702\/revisions\/727"}],"wp:attachment":[{"href":"http:\/\/weimari.hu\/index.php?rest_route=%2Fwp%2Fv2%2Fmedia&parent=702"}],"curies":[{"name":"wp","href":"https:\/\/api.w.org\/{rel}","templated":true}]}}